{"id":13381,"date":"2025-01-17T11:33:43","date_gmt":"2025-01-17T10:33:43","guid":{"rendered":"https:\/\/www.denatuurlijkekappershop.nl\/?post_type=product&#038;p=13381"},"modified":"2026-08-28T11:57:21","modified_gmt":"2026-08-28T09:57:21","slug":"secador-de-pelo-cera-pro-bldc-verde-pastel","status":"publish","type":"product","link":"https:\/\/www.denatuurlijkekappershop.nl\/es\/cera-pro-bldc-haardroger-pastel-groen\/","title":{"rendered":"Secador de pelo CERA Pro BLDC verde pastel"},"content":{"rendered":"<p><strong>Secador de pelo CERA Pro BLDC \u2013 verde pastel<\/strong> Es un secador de pelo ligero y potente, apto tanto para uso profesional como dom\u00e9stico. Gracias a su moderno motor BLDC, este secador de pelo proporciona un potente flujo de aire sin dejar de ser c\u00f3modo de sujetar.<\/p>\n<p>El secador de pelo tiene un dise\u00f1o elegante y compacto, y es muy f\u00e1cil de manejar. En la parte trasera cuenta con un anillo luminoso inteligente que cambia de color en funci\u00f3n del ajuste de temperatura. As\u00ed puedes ver de un vistazo qu\u00e9 modo est\u00e1s utilizando: desde aire fr\u00edo hasta los distintos niveles de calor.<\/p>\n<p>El secador de pelo CERA Pro BLDC incluye accesorios magn\u00e9ticos que se pueden cambiar f\u00e1cilmente. Esto te permite alternar r\u00e1pidamente entre diferentes t\u00e9cnicas de peinado, como el secado dirigido o la creaci\u00f3n de volumen con el difusor.<\/p>\n<p>Gracias a su dise\u00f1o ligero y ergon\u00f3mico, este secador es c\u00f3modo de usar, incluso cuando pasas m\u00e1s tiempo sec\u00e1ndote el pelo o pein\u00e1ndote.<\/p>\n<p><strong>Caracter\u00edsticas principales:<\/strong><\/p>\n<ul>\n<li>Secador de pelo BLDC ligero<\/li>\n<li>Potente flujo de aire para un secado r\u00e1pido<\/li>\n<li>Dise\u00f1o ergon\u00f3mico y c\u00f3modo<\/li>\n<li>Anillo luminoso que indica el ajuste de temperatura<\/li>\n<li>Accesorios magn\u00e9ticos<\/li>\n<li>Incluye difusor<\/li>\n<li>2 boquillas de peinado para diferentes t\u00e9cnicas de peinado<\/li>\n<li>Funci\u00f3n de limpieza autom\u00e1tica<\/li>\n<li>Modelo moderno en verde pastel<\/li>\n<\/ul>\n<p><strong>Contenido del envase:<\/strong><\/p>\n<ul>\n<li>1 \u00d7 Secador de pelo CERA Pro BLDC<\/li>\n<li>1 \u00d7 difusor<\/li>\n<li>2 boquillas magn\u00e9ticas<\/li>\n<\/ul>\n<p><strong>Funci\u00f3n de limpieza autom\u00e1tica<\/strong><br \/>\nEl secador de pelo cuenta con una funci\u00f3n de limpieza autom\u00e1tica. Apaga el secador y, a continuaci\u00f3n, mant\u00e9n pulsado el bot\u00f3n de temperatura durante tres segundos para activar el modo de limpieza.<\/p>\n<p><strong>Mira el secador en acci\u00f3n:<\/strong><\/p>\n<p><div class=\"video-container\"><iframe title=\"Secador de pelo Cera Pro BLDC - Caracter\u00edsticas t\u00e9cnicas\" width=\"1170\" height=\"658\" src=\"https:\/\/www.youtube.com\/embed\/OmTbPCuzBZc?feature=oembed\" frameborder=\"0\" allow=\"accelerometer; autoplay; clipboard-write; encrypted-media; gyroscope; picture-in-picture; web-share\" referrerpolicy=\"strict-origin-when-cross-origin\" allowfullscreen><\/iframe><\/div><\/p>","protected":false},"excerpt":{"rendered":"<p>Secador de pelo BLDC ligero y potente con accesorios magn\u00e9ticos y difusor. El anillo luminoso inteligente indica al instante qu\u00e9 nivel de temperatura est\u00e1 activo. Apto para el uso diario y el peinado profesional.<\/p>","protected":false},"featured_media":15470,"comment_status":"open","ping_status":"closed","template":"","meta":{"_acf_changed":false},"product_brand":[],"product_cat":[123,425],"product_tag":[],"class_list":["post-13381","product","type-product","status-publish","has-post-thumbnail","product_cat-acties","product_cat-accessoires","first","instock","sale","taxable","shipping-taxable","purchasable","product-type-simple"],"composite_virtual":false,"composite_layout":"","composite_add_to_cart_form_location":"","composite_editable_in_cart":false,"composite_sold_individually_context":"","composite_shop_price_calc":"","composite_components":[],"composite_scenarios":[],"exclude_global_add_ons":[],"addons":[],"acf":[],"_links":{"self":[{"href":"https:\/\/www.denatuurlijkekappershop.nl\/es\/wp-json\/wp\/v2\/product\/13381","targetHints":{"allow":["GET"]}}],"collection":[{"href":"https:\/\/www.denatuurlijkekappershop.nl\/es\/wp-json\/wp\/v2\/product"}],"about":[{"href":"https:\/\/www.denatuurlijkekappershop.nl\/es\/wp-json\/wp\/v2\/types\/product"}],"replies":[{"embeddable":true,"href":"https:\/\/www.denatuurlijkekappershop.nl\/es\/wp-json\/wp\/v2\/comments?post=13381"}],"wp:featuredmedia":[{"embeddable":true,"href":"https:\/\/www.denatuurlijkekappershop.nl\/es\/wp-json\/wp\/v2\/media\/15470"}],"wp:attachment":[{"href":"https:\/\/www.denatuurlijkekappershop.nl\/es\/wp-json\/wp\/v2\/media?parent=13381"}],"wp:term":[{"taxonomy":"product_brand","embeddable":true,"href":"https:\/\/www.denatuurlijkekappershop.nl\/es\/wp-json\/wp\/v2\/product_brand?post=13381"},{"taxonomy":"product_cat","embeddable":true,"href":"https:\/\/www.denatuurlijkekappershop.nl\/es\/wp-json\/wp\/v2\/product_cat?post=13381"},{"taxonomy":"product_tag","embeddable":true,"href":"https:\/\/www.denatuurlijkekappershop.nl\/es\/wp-json\/wp\/v2\/product_tag?post=13381"}],"curies":[{"name":"wp","href":"https:\/\/api.w.org\/{rel}","templated":true}]}}